{"id":1275,"date":"2023-02-23T20:44:43","date_gmt":"2023-02-23T19:44:43","guid":{"rendered":"https:\/\/zik.stronazen.pl\/?page_id=1275"},"modified":"2023-03-23T13:06:53","modified_gmt":"2023-03-23T12:06:53","slug":"inwestycje","status":"publish","type":"page","link":"https:\/\/zik.stronazen.pl\/?page_id=1275","title":{"rendered":"Inwestycje"},"content":{"rendered":"\t\t<div data-elementor-type=\"wp-page\" data-elementor-id=\"1275\" class=\"elementor elementor-1275\">\n\t\t\t\t\t\t\t\t\t<section class=\"elementor-section elementor-top-section elementor-element elementor-element-8d566a9 elementor-section-boxed elementor-section-height-default elementor-section-height-default\" data-id=\"8d566a9\" data-element_type=\"section\">\n\t\t\t\t\t\t<div class=\"elementor-container elementor-column-gap-default\">\n\t\t\t\t\t<div class=\"elementor-column elementor-col-100 elementor-top-column elementor-element elementor-element-b9f92f7\" data-id=\"b9f92f7\" data-element_type=\"column\">\n\t\t\t<div class=\"elementor-widget-wrap elementor-element-populated\">\n\t\t\t\t\t\t\t\t<div class=\"elementor-element elementor-element-54fd9ec elementor-widget elementor-widget-spacer\" data-id=\"54fd9ec\" data-element_type=\"widget\" data-widget_type=\"spacer.default\">\n\t\t\t\t<div class=\"elementor-widget-container\">\n\t\t\t<style>\/*! elementor - v3.11.2 - 22-02-2023 *\/\n.elementor-column .elementor-spacer-inner{height:var(--spacer-size)}.e-con{--container-widget-width:100%}.e-con-inner>.elementor-widget-spacer,.e-con>.elementor-widget-spacer{width:var(--container-widget-width,var(--spacer-size));--align-self:var(--container-widget-align-self,initial);--flex-shrink:0}.e-con-inner>.elementor-widget-spacer>.elementor-widget-container,.e-con-inner>.elementor-widget-spacer>.elementor-widget-container>.elementor-spacer,.e-con>.elementor-widget-spacer>.elementor-widget-container,.e-con>.elementor-widget-spacer>.elementor-widget-container>.elementor-spacer{height:100%}.e-con-inner>.elementor-widget-spacer>.elementor-widget-container>.elementor-spacer>.elementor-spacer-inner,.e-con>.elementor-widget-spacer>.elementor-widget-container>.elementor-spacer>.elementor-spacer-inner{height:var(--container-widget-height,var(--spacer-size))}<\/style>\t\t<div class=\"elementor-spacer\">\n\t\t\t<div class=\"elementor-spacer-inner\"><\/div>\n\t\t<\/div>\n\t\t\t\t<\/div>\n\t\t\t\t<\/div>\n\t\t\t\t<div class=\"elementor-element elementor-element-7eb9e6f elementor-widget elementor-widget-image\" data-id=\"7eb9e6f\" data-element_type=\"widget\" data-widget_type=\"image.default\">\n\t\t\t\t<div class=\"elementor-widget-container\">\n\t\t\t<style>\/*! elementor - v3.11.2 - 22-02-2023 *\/\n.elementor-widget-image{text-align:center}.elementor-widget-image a{display:inline-block}.elementor-widget-image a img[src$=\".svg\"]{width:48px}.elementor-widget-image img{vertical-align:middle;display:inline-block}<\/style>\t\t\t\t\t\t\t\t\t\t\t\t<img loading=\"lazy\" decoding=\"async\" width=\"300\" height=\"257\" src=\"https:\/\/zik.stronazen.pl\/wp-content\/uploads\/2023\/02\/inwest.jpg\" class=\"attachment-medium_large size-medium_large wp-image-1238\" alt=\"\" \/>\t\t\t\t\t\t\t\t\t\t\t\t\t\t\t<\/div>\n\t\t\t\t<\/div>\n\t\t\t\t<div class=\"elementor-element elementor-element-8788aed elementor-grid-eael-col-3 animated-fast elementor-grid-tablet-eael-col-2 elementor-grid-mobile-eael-col-1 elementor-invisible elementor-widget elementor-widget-eael-post-grid\" data-id=\"8788aed\" data-element_type=\"widget\" data-settings=\"{&quot;eael_post_grid_columns&quot;:&quot;eael-col-3&quot;,&quot;_animation&quot;:&quot;fadeInUp&quot;,&quot;_animation_delay&quot;:150,&quot;eael_post_grid_columns_tablet&quot;:&quot;eael-col-2&quot;,&quot;eael_post_grid_columns_mobile&quot;:&quot;eael-col-1&quot;}\" data-widget_type=\"eael-post-grid.default\">\n\t\t\t\t<div class=\"elementor-widget-container\">\n\t\t\t<div id=\"eael-post-grid-8788aed\" class=\"eael-post-grid-container\">\n            <div class=\"eael-post-grid eael-post-appender eael-post-appender-8788aed eael-post-grid-style-two\" data-layout-mode=\"masonry\"><article class=\"eael-grid-post eael-post-grid-column\" data-id=\"2511\">\n        <div class=\"eael-grid-post-holder\">\n            <div class=\"eael-grid-post-holder-inner\"><div class=\"eael-entry-media\"><div class=\"eael-entry-overlay fade-in\"><i class=\"icon icon-Document-Search\" aria-hidden=\"true\"><\/i><a href=\"https:\/\/zik.stronazen.pl\/?services=zakonczenie-budowy-kolejnej-inwestycji-kanalizacyjnej-w-trzciance-w-rejonie-ulic-sadowa-ogrodowa\"><\/a><\/div><div class=\"eael-entry-thumbnail \">\n                                <img loading=\"lazy\" decoding=\"async\" width=\"600\" height=\"270\" src=\"https:\/\/zik.stronazen.pl\/wp-content\/uploads\/2023\/03\/4.7-Inwestycja.jpg\" class=\"attachment-medium_large size-medium_large wp-image-2512\" alt=\"\" srcset=\"https:\/\/zik.stronazen.pl\/wp-content\/uploads\/2023\/03\/4.7-Inwestycja.jpg 600w, https:\/\/zik.stronazen.pl\/wp-content\/uploads\/2023\/03\/4.7-Inwestycja-300x135.jpg 300w\" sizes=\"(max-width: 600px) 100vw, 600px\" \/>\n                              <\/div>\n                      <\/div><div class=\"eael-entry-wrapper\"><header class=\"eael-entry-header\"><h2 class=\"eael-entry-title\"><a\n                                    class=\"eael-grid-post-link\"\n                                    href=\"https:\/\/zik.stronazen.pl\/?services=zakonczenie-budowy-kolejnej-inwestycji-kanalizacyjnej-w-trzciance-w-rejonie-ulic-sadowa-ogrodowa\"\n                                    title=\"<strong>Zako\u0144czenie budowy kolejnej inwestycji kanalizacyjnej w Trzciance w rejonie ulic: Sadowa \u2013 Ogrodowa.<\/strong>\"><strong>Zako\u0144czenie budowy kolejnej inwestycji kanalizacyjnej w Trzciance w rejonie ulic: Sadowa \u2013 Ogrodowa.<\/strong><\/a><\/h2><\/header><div class=\"eael-entry-header-after\"><\/div><div class=\"eael-entry-content\">\n                                    <div class=\"eael-grid-post-excerpt\"><p>Trzcianka , dnia 4 lutego 2023 r. We wtorek 1...<\/p><a\n                                        href=\"https:\/\/zik.stronazen.pl\/?services=zakonczenie-budowy-kolejnej-inwestycji-kanalizacyjnej-w-trzciance-w-rejonie-ulic-sadowa-ogrodowa\"\n                                        class=\"eael-post-elements-readmore-btn\">Czytaj wi\u0119cej<\/a><\/div>\n                                <\/div><\/div><\/div>\n        <\/div>\n    <\/article><article class=\"eael-grid-post eael-post-grid-column\" data-id=\"2510\">\n        <div class=\"eael-grid-post-holder\">\n            <div class=\"eael-grid-post-holder-inner\"><div class=\"eael-entry-media\"><div class=\"eael-entry-overlay fade-in\"><i class=\"icon icon-Document-Search\" aria-hidden=\"true\"><\/i><a href=\"https:\/\/zik.stronazen.pl\/?services=podsumowanie-roku-2022-w-trzcianeckich-wodociagach-i-kanalizacji\"><\/a><\/div><div class=\"eael-entry-thumbnail \">\n                                <img loading=\"lazy\" decoding=\"async\" width=\"640\" height=\"308\" src=\"https:\/\/zik.stronazen.pl\/wp-content\/uploads\/2023\/03\/grafika_dzialanosc-768x369.jpg\" class=\"attachment-medium_large size-medium_large wp-image-2303\" alt=\"\" srcset=\"https:\/\/zik.stronazen.pl\/wp-content\/uploads\/2023\/03\/grafika_dzialanosc-768x369.jpg 768w, https:\/\/zik.stronazen.pl\/wp-content\/uploads\/2023\/03\/grafika_dzialanosc-300x144.jpg 300w, https:\/\/zik.stronazen.pl\/wp-content\/uploads\/2023\/03\/grafika_dzialanosc-1024x492.jpg 1024w, https:\/\/zik.stronazen.pl\/wp-content\/uploads\/2023\/03\/grafika_dzialanosc.jpg 1199w\" sizes=\"(max-width: 640px) 100vw, 640px\" \/>\n                              <\/div>\n                      <\/div><div class=\"eael-entry-wrapper\"><header class=\"eael-entry-header\"><h2 class=\"eael-entry-title\"><a\n                                    class=\"eael-grid-post-link\"\n                                    href=\"https:\/\/zik.stronazen.pl\/?services=podsumowanie-roku-2022-w-trzcianeckich-wodociagach-i-kanalizacji\"\n                                    title=\"Podsumowanie roku 2022 w trzcianeckich wodoci\u0105gach i kanalizacji\">Podsumowanie roku 2022 w trzcianeckich wodoci\u0105gach i kanalizacji<\/a><\/h2><\/header><div class=\"eael-entry-header-after\"><\/div><div class=\"eael-entry-content\">\n                                    <div class=\"eael-grid-post-excerpt\"><p>Trzcianka, dnia 20 stycze\u0144 2023 Inwestycje 2022: 8 366 791,...<\/p><a\n                                        href=\"https:\/\/zik.stronazen.pl\/?services=podsumowanie-roku-2022-w-trzcianeckich-wodociagach-i-kanalizacji\"\n                                        class=\"eael-post-elements-readmore-btn\">Czytaj wi\u0119cej<\/a><\/div>\n                                <\/div><\/div><\/div>\n        <\/div>\n    <\/article><article class=\"eael-grid-post eael-post-grid-column\" data-id=\"2507\">\n        <div class=\"eael-grid-post-holder\">\n            <div class=\"eael-grid-post-holder-inner\"><div class=\"eael-entry-media\"><div class=\"eael-entry-overlay fade-in\"><i class=\"icon icon-Document-Search\" aria-hidden=\"true\"><\/i><a href=\"https:\/\/zik.stronazen.pl\/?services=wbicie-lopaty-w-dniu-16-listopada-2021-r-budowa-sieci-kanalizacji-sanitarnej-i-tlocznej-w-ul-27-stycznia\"><\/a><\/div><div class=\"eael-entry-thumbnail \">\n                                <img loading=\"lazy\" decoding=\"async\" width=\"640\" height=\"428\" src=\"https:\/\/zik.stronazen.pl\/wp-content\/uploads\/2023\/03\/4.5-Inwestycja-768x513.jpg\" class=\"attachment-medium_large size-medium_large wp-image-2509\" alt=\"\" srcset=\"https:\/\/zik.stronazen.pl\/wp-content\/uploads\/2023\/03\/4.5-Inwestycja-768x513.jpg 768w, https:\/\/zik.stronazen.pl\/wp-content\/uploads\/2023\/03\/4.5-Inwestycja-300x200.jpg 300w, https:\/\/zik.stronazen.pl\/wp-content\/uploads\/2023\/03\/4.5-Inwestycja.jpg 947w\" sizes=\"(max-width: 640px) 100vw, 640px\" \/>\n                              <\/div>\n                      <\/div><div class=\"eael-entry-wrapper\"><header class=\"eael-entry-header\"><h2 class=\"eael-entry-title\"><a\n                                    class=\"eael-grid-post-link\"\n                                    href=\"https:\/\/zik.stronazen.pl\/?services=wbicie-lopaty-w-dniu-16-listopada-2021-r-budowa-sieci-kanalizacji-sanitarnej-i-tlocznej-w-ul-27-stycznia\"\n                                    title=\"Wbicie \u0142opaty w dniu 16 listopada 2021 r &#8211; Budowa sieci kanalizacji sanitarnej i t\u0142ocznej w ul. 27 Stycznia\">Wbicie \u0142opaty w dniu 16 listopada 2021 r &#8211; Budowa sieci kanalizacji sanitarnej i t\u0142ocznej w ul. 27 Stycznia<\/a><\/h2><\/header><div class=\"eael-entry-header-after\"><\/div><div class=\"eael-entry-content\">\n                                    <div class=\"eael-grid-post-excerpt\"><p>Trzcianka, dnia 16 listopada 2022 r. W dniu 16 listopada...<\/p><a\n                                        href=\"https:\/\/zik.stronazen.pl\/?services=wbicie-lopaty-w-dniu-16-listopada-2021-r-budowa-sieci-kanalizacji-sanitarnej-i-tlocznej-w-ul-27-stycznia\"\n                                        class=\"eael-post-elements-readmore-btn\">Czytaj wi\u0119cej<\/a><\/div>\n                                <\/div><\/div><\/div>\n        <\/div>\n    <\/article><article class=\"eael-grid-post eael-post-grid-column\" data-id=\"2501\">\n        <div class=\"eael-grid-post-holder\">\n            <div class=\"eael-grid-post-holder-inner\"><div class=\"eael-entry-media\"><div class=\"eael-entry-overlay fade-in\"><i class=\"icon icon-Document-Search\" aria-hidden=\"true\"><\/i><a href=\"https:\/\/zik.stronazen.pl\/?services=koronografia-sieci-kanalizacyjnej-zakonczona\"><\/a><\/div><div class=\"eael-entry-thumbnail \">\n                                <img loading=\"lazy\" decoding=\"async\" width=\"640\" height=\"852\" src=\"https:\/\/zik.stronazen.pl\/wp-content\/uploads\/2023\/03\/inwestycja_4-4-4.jpg\" class=\"attachment-medium_large size-medium_large wp-image-2505\" alt=\"\" srcset=\"https:\/\/zik.stronazen.pl\/wp-content\/uploads\/2023\/03\/inwestycja_4-4-4.jpg 654w, https:\/\/zik.stronazen.pl\/wp-content\/uploads\/2023\/03\/inwestycja_4-4-4-225x300.jpg 225w\" sizes=\"(max-width: 640px) 100vw, 640px\" \/>\n                              <\/div>\n                      <\/div><div class=\"eael-entry-wrapper\"><header class=\"eael-entry-header\"><h2 class=\"eael-entry-title\"><a\n                                    class=\"eael-grid-post-link\"\n                                    href=\"https:\/\/zik.stronazen.pl\/?services=koronografia-sieci-kanalizacyjnej-zakonczona\"\n                                    title=\"<strong>,,Koronografia\u201d sieci kanalizacyjnej zako\u0144czona.<\/strong>\"><strong>,,Koronografia\u201d sieci kanalizacyjnej zako\u0144czona.<\/strong><\/a><\/h2><\/header><div class=\"eael-entry-header-after\"><\/div><div class=\"eael-entry-content\">\n                                    <div class=\"eael-grid-post-excerpt\"><p>Trzcianka, dnia 10 listopada 2022 r. Tym powszechnie znanym medycznym...<\/p><a\n                                        href=\"https:\/\/zik.stronazen.pl\/?services=koronografia-sieci-kanalizacyjnej-zakonczona\"\n                                        class=\"eael-post-elements-readmore-btn\">Czytaj wi\u0119cej<\/a><\/div>\n                                <\/div><\/div><\/div>\n        <\/div>\n    <\/article><article class=\"eael-grid-post eael-post-grid-column\" data-id=\"1689\">\n        <div class=\"eael-grid-post-holder\">\n            <div class=\"eael-grid-post-holder-inner\"><div class=\"eael-entry-media\"><div class=\"eael-entry-overlay fade-in\"><i class=\"icon icon-Document-Search\" aria-hidden=\"true\"><\/i><a href=\"https:\/\/zik.stronazen.pl\/?services=budowa-sieci-kanalizacyjnej-z-przepompownia-sciekow-w-rejonie-ul-malinowej-i-zurawinowej-w-trzciance\"><\/a><\/div><div class=\"eael-entry-thumbnail \">\n                                <img loading=\"lazy\" decoding=\"async\" width=\"640\" height=\"427\" src=\"https:\/\/zik.stronazen.pl\/wp-content\/uploads\/2023\/02\/inwest4-768x512.jpg\" class=\"attachment-medium_large size-medium_large wp-image-1690\" alt=\"\" srcset=\"https:\/\/zik.stronazen.pl\/wp-content\/uploads\/2023\/02\/inwest4-768x512.jpg 768w, https:\/\/zik.stronazen.pl\/wp-content\/uploads\/2023\/02\/inwest4-300x200.jpg 300w, https:\/\/zik.stronazen.pl\/wp-content\/uploads\/2023\/02\/inwest4.jpg 830w\" sizes=\"(max-width: 640px) 100vw, 640px\" \/>\n                              <\/div>\n                      <\/div><div class=\"eael-entry-wrapper\"><header class=\"eael-entry-header\"><h2 class=\"eael-entry-title\"><a\n                                    class=\"eael-grid-post-link\"\n                                    href=\"https:\/\/zik.stronazen.pl\/?services=budowa-sieci-kanalizacyjnej-z-przepompownia-sciekow-w-rejonie-ul-malinowej-i-zurawinowej-w-trzciance\"\n                                    title=\"Budowa sieci kanalizacyjnej z przepompowni\u0105 \u015bciek\u00f3w w rejonie ul. Malinowej i \u017burawinowej w Trzciance.\">Budowa sieci kanalizacyjnej z przepompowni\u0105 \u015bciek\u00f3w w rejonie ul. Malinowej i \u017burawinowej w Trzciance.<\/a><\/h2><\/header><div class=\"eael-entry-header-after\"><\/div><div class=\"eael-entry-content\">\n                                    <div class=\"eael-grid-post-excerpt\"><p>Trzcianka, dnia 4 listopada 2022 r. Jeszcze w tym miesi\u0105cu...<\/p><a\n                                        href=\"https:\/\/zik.stronazen.pl\/?services=budowa-sieci-kanalizacyjnej-z-przepompownia-sciekow-w-rejonie-ul-malinowej-i-zurawinowej-w-trzciance\"\n                                        class=\"eael-post-elements-readmore-btn\">Czytaj wi\u0119cej<\/a><\/div>\n                                <\/div><\/div><\/div>\n        <\/div>\n    <\/article><article class=\"eael-grid-post eael-post-grid-column\" data-id=\"1687\">\n        <div class=\"eael-grid-post-holder\">\n            <div class=\"eael-grid-post-holder-inner\"><div class=\"eael-entry-media\"><div class=\"eael-entry-overlay fade-in\"><i class=\"icon icon-Document-Search\" aria-hidden=\"true\"><\/i><a href=\"https:\/\/zik.stronazen.pl\/?services=budowa-infrastruktury-wodno-kanalizacyjnej-w-rejonie-ulicy-sadowej-w-trzciance\"><\/a><\/div><div class=\"eael-entry-thumbnail \">\n                                <img loading=\"lazy\" decoding=\"async\" width=\"640\" height=\"426\" src=\"https:\/\/zik.stronazen.pl\/wp-content\/uploads\/2023\/02\/inwes3.jpg\" class=\"attachment-medium_large size-medium_large wp-image-1688\" alt=\"\" srcset=\"https:\/\/zik.stronazen.pl\/wp-content\/uploads\/2023\/02\/inwes3.jpg 676w, https:\/\/zik.stronazen.pl\/wp-content\/uploads\/2023\/02\/inwes3-300x200.jpg 300w\" sizes=\"(max-width: 640px) 100vw, 640px\" \/>\n                              <\/div>\n                      <\/div><div class=\"eael-entry-wrapper\"><header class=\"eael-entry-header\"><h2 class=\"eael-entry-title\"><a\n                                    class=\"eael-grid-post-link\"\n                                    href=\"https:\/\/zik.stronazen.pl\/?services=budowa-infrastruktury-wodno-kanalizacyjnej-w-rejonie-ulicy-sadowej-w-trzciance\"\n                                    title=\"<strong>Budowa infrastruktury wodno \u2013 kanalizacyjnej w rejonie ulicy Sadowej w Trzciance<\/strong>\"><strong>Budowa infrastruktury wodno \u2013 kanalizacyjnej w rejonie ulicy Sadowej w Trzciance<\/strong><\/a><\/h2><\/header><div class=\"eael-entry-header-after\"><\/div><div class=\"eael-entry-content\">\n                                    <div class=\"eael-grid-post-excerpt\"><p>Trzcianka, dnia 13 pa\u017adziernika 2022 r. P\u00f3\u0142nocno \u2013 wschodnia cz\u0119\u015b\u0107...<\/p><a\n                                        href=\"https:\/\/zik.stronazen.pl\/?services=budowa-infrastruktury-wodno-kanalizacyjnej-w-rejonie-ulicy-sadowej-w-trzciance\"\n                                        class=\"eael-post-elements-readmore-btn\">Czytaj wi\u0119cej<\/a><\/div>\n                                <\/div><\/div><\/div>\n        <\/div>\n    <\/article><article class=\"eael-grid-post eael-post-grid-column\" data-id=\"1677\">\n        <div class=\"eael-grid-post-holder\">\n            <div class=\"eael-grid-post-holder-inner\"><div class=\"eael-entry-media\"><div class=\"eael-entry-overlay fade-in\"><i class=\"icon icon-Document-Search\" aria-hidden=\"true\"><\/i><a href=\"https:\/\/zik.stronazen.pl\/?services=budowa-sieci-kanalizacji-sanitarnej-w-rejonie-ulicy-sadowej-w-trzciance\"><\/a><\/div><div class=\"eael-entry-thumbnail \">\n                                <img loading=\"lazy\" decoding=\"async\" width=\"593\" height=\"395\" src=\"https:\/\/zik.stronazen.pl\/wp-content\/uploads\/2023\/02\/inwes1.jpg\" class=\"attachment-medium_large size-medium_large wp-image-1678\" alt=\"\" srcset=\"https:\/\/zik.stronazen.pl\/wp-content\/uploads\/2023\/02\/inwes1.jpg 593w, https:\/\/zik.stronazen.pl\/wp-content\/uploads\/2023\/02\/inwes1-300x200.jpg 300w\" sizes=\"(max-width: 593px) 100vw, 593px\" \/>\n                              <\/div>\n                      <\/div><div class=\"eael-entry-wrapper\"><header class=\"eael-entry-header\"><h2 class=\"eael-entry-title\"><a\n                                    class=\"eael-grid-post-link\"\n                                    href=\"https:\/\/zik.stronazen.pl\/?services=budowa-sieci-kanalizacji-sanitarnej-w-rejonie-ulicy-sadowej-w-trzciance\"\n                                    title=\"Budowa sieci kanalizacji sanitarnej w rejonie ulicy Sadowej w Trzciance\">Budowa sieci kanalizacji sanitarnej w rejonie ulicy Sadowej w Trzciance<\/a><\/h2><\/header><div class=\"eael-entry-header-after\"><\/div><div class=\"eael-entry-content\">\n                                    <div class=\"eael-grid-post-excerpt\"><p>Trzcianka, dnia 7 wrze\u015bnia 2022 r. Podpisanie umowy i rozpocz\u0119cie...<\/p><a\n                                        href=\"https:\/\/zik.stronazen.pl\/?services=budowa-sieci-kanalizacji-sanitarnej-w-rejonie-ulicy-sadowej-w-trzciance\"\n                                        class=\"eael-post-elements-readmore-btn\">Czytaj wi\u0119cej<\/a><\/div>\n                                <\/div><\/div><\/div>\n        <\/div>\n    <\/article><\/div>\n            <div class=\"clearfix\"><\/div>\n        <\/div>            <div class=\"eael-load-more-button-wrap eael-force-hide\">\n                <button class=\"eael-load-more-button\" id=\"eael-load-more-btn-8788aed\" data-widget-id=\"8788aed\" data-widget=\"8788aed\" data-page-id=\"1275\" data-nonce=\"056dbd7523\" data-template=\"{&quot;dir&quot;:&quot;lite&quot;,&quot;file_name&quot;:&quot;default.php&quot;,&quot;name&quot;:&quot;Post-Grid&quot;}\" data-class=\"Essential_Addons_Elementor\\Elements\\Post_Grid\" data-layout=\"masonry\" data-page=\"1\" data-args=\"orderby=date&amp;order=desc&amp;ignore_sticky_posts=1&amp;post_status=publish&amp;posts_per_page=&amp;offset=0&amp;post_type=services&amp;tax_query%5B0%5D%5Btaxonomy%5D=category&amp;tax_query%5B0%5D%5Bfield%5D=term_id&amp;tax_query%5B0%5D%5Bterms%5D%5B0%5D=14&amp;tax_query%5Brelation%5D=AND\" data-max-page=\"7\">\n                    <div class=\"eael-btn-loader button__loader\"><\/div>\n                    <span>Load More<\/span>\n                <\/button>\n            <\/div>\n        \t\t<\/div>\n\t\t\t\t<\/div>\n\t\t\t\t\t<\/div>\n\t\t<\/div>\n\t\t\t\t\t\t\t<\/div>\n\t\t<\/section>\n\t\t\t\t\t\t\t<\/div>\n\t\t","protected":false},"excerpt":{"rendered":"<p>,,Koronografia\u201d sieci kanalizacyjnej zako\u0144czona. Trzcianka, dnia 10 listopada 2022 r. Tym powszechnie znanym medycznym&#8230; Czytaj wi\u0119cej Budowa sieci kanalizacyjnej z przepompowni\u0105 \u015bciek\u00f3w w rejonie ul. Malinowej i \u017burawinowej w Trzciance. Trzcianka, dnia 4 listopada 2022 r. Jeszcze w tym miesi\u0105cu&#8230; Czytaj wi\u0119cej<\/p>\n","protected":false},"author":1,"featured_media":0,"parent":0,"menu_order":0,"comment_status":"closed","ping_status":"closed","template":"","meta":{"_eb_attr":"","_joinchat":[],"footnotes":""},"_links":{"self":[{"href":"https:\/\/zik.stronazen.pl\/index.php?rest_route=\/wp\/v2\/pages\/1275"}],"collection":[{"href":"https:\/\/zik.stronazen.pl\/index.php?rest_route=\/wp\/v2\/pages"}],"about":[{"href":"https:\/\/zik.stronazen.pl\/index.php?rest_route=\/wp\/v2\/types\/page"}],"author":[{"embeddable":true,"href":"https:\/\/zik.stronazen.pl\/index.php?rest_route=\/wp\/v2\/users\/1"}],"replies":[{"embeddable":true,"href":"https:\/\/zik.stronazen.pl\/index.php?rest_route=%2Fwp%2Fv2%2Fcomments&post=1275"}],"version-history":[{"count":19,"href":"https:\/\/zik.stronazen.pl\/index.php?rest_route=\/wp\/v2\/pages\/1275\/revisions"}],"predecessor-version":[{"id":2517,"href":"https:\/\/zik.stronazen.pl\/index.php?rest_route=\/wp\/v2\/pages\/1275\/revisions\/2517"}],"wp:attachment":[{"href":"https:\/\/zik.stronazen.pl\/index.php?rest_route=%2Fwp%2Fv2%2Fmedia&parent=1275"}],"curies":[{"name":"wp","href":"https:\/\/api.w.org\/{rel}","templated":true}]}}